{"id":5781,"date":"2022-10-14T12:05:10","date_gmt":"2022-10-14T10:05:10","guid":{"rendered":"https:\/\/www.esorecycling.it\/?page_id=5781"},"modified":"2026-04-08T09:18:39","modified_gmt":"2026-04-08T07:18:39","slug":"home","status":"publish","type":"page","link":"https:\/\/www.esorecycling.it\/da\/","title":{"rendered":"esorecycling"},"content":{"rendered":"\n<section id=\"block_d23305e4aed2cdceca0d25a69726853b\" class=\"acf-block acf-block-video-principale\">\n    <div class=\"relative\">\n\n                    <video class=\"w-full h-auto\" src=\"https:\/\/www.esorecycling.it\/wp-content\/uploads\/2025\/09\/video-home-ENG-2.mp4\" loop autoplay muted playsinline><\/video>\n        \n        \n    <\/div>\n<\/section>\n\n\n\n<section id=\"block_96cf6333494d101b4614610e09986fc9\" class=\"acf-block acf-block-occhiello-titolo-testo\">\n    <div class=\"container py-8\">\n        <div class=\"flex flex-col gap-4 text-center\">\n            <hgroup class=\"flex flex-col gap-1\">\n                <h2 class=\"uppercase font-medium\"><\/h2>\n                <h2 class=\"text-lg lg:text-xl\">ESO RECYCLING h\u00e5ndterer affald fra<\/h1>\n            <\/hgroup>\n            <hr class=\"divider mx-auto\" \/>\n            <div class=\"\"><\/div>\n        <\/div>\n    <\/div>\n<\/section>\n\n\n\n<section id=\"block_74b0bc0668995e622c6052d6c32d2d32\" class=\"acf-block acf-block-schede-verticali\">\n\n    <div class=\"container pb-8\">\n        <div class=\"grid lg:grid-cols-3 gap-8\">\n\n            \n                    <article class=\"shadow-lg\">\n                                                    <img decoding=\"async\" class=\"w-full reveal border-b-4 border-primary\" src=\"https:\/\/www.esorecycling.it\/wp-content\/uploads\/2026\/03\/Logo-esosport.png\" alt=\"\" title=\"\">\n                                                <div class=\"p-4 flex flex-col gap-2\">\n                            <h3 class=\"font-bold reveal\"><\/h3>\n                            <p class=\"text-sm reveal\"><p><a href=\"http:\/\/esosport.com\" target=\"_blank\" rel=\"noopener\">FRA SPORTENS VERDEN<\/a><\/p>\n<\/p>\n                        <\/div>\n                    <\/article>\n\n            \n                    <article class=\"shadow-lg\">\n                                                    <img decoding=\"async\" class=\"w-full reveal border-b-4 border-primary\" src=\"https:\/\/www.esorecycling.it\/wp-content\/uploads\/2026\/03\/Logo-ef-2.png\" alt=\"\" title=\"\">\n                                                <div class=\"p-4 flex flex-col gap-2\">\n                            <h3 class=\"font-bold reveal\"><\/h3>\n                            <p class=\"text-sm reveal\"><p><a href=\"https:\/\/www.esorecycling.it\/da\/esofashion-genbrug-mode\/\">FRA MODEVERDENEN<\/a><\/p>\n<\/p>\n                        <\/div>\n                    <\/article>\n\n            \n                    <article class=\"shadow-lg\">\n                                                    <img decoding=\"async\" class=\"w-full reveal border-b-4 border-primary\" src=\"https:\/\/www.esorecycling.it\/wp-content\/uploads\/2026\/03\/Logo-BtW.png\" alt=\"\" title=\"\">\n                                                <div class=\"p-4 flex flex-col gap-2\">\n                            <h3 class=\"font-bold reveal\"><\/h3>\n                            <p class=\"text-sm reveal\"><p><a href=\"http:\/\/backtowork.eso.it\" target=\"_blank\" rel=\"noopener\">FRA ARBEJDSVERDENEN<\/a><\/p>\n<\/p>\n                        <\/div>\n                    <\/article>\n\n                    <\/div>\n\n        \n    <\/div>\n\n<\/section>\n\n\n\n<section id=\"block_c67d215b8224ff5813608d586586122d\" class=\"acf-block acf-block-schede-verticali\">\n\n    <div class=\"container pb-8\">\n        <div class=\"grid lg:grid-cols-3 gap-8\">\n\n            \n                    <article class=\"shadow-lg\">\n                                                    <img decoding=\"async\" class=\"w-full reveal border-b-4 border-primary\" src=\"https:\/\/www.esorecycling.it\/wp-content\/uploads\/2026\/03\/Imm-ES.png\" alt=\"\" title=\"\">\n                                                <div class=\"p-4 flex flex-col gap-2\">\n                            <h3 class=\"font-bold reveal\">esosport<\/h3>\n                            <p class=\"text-sm reveal\"><h2>Siden 2009 har vi indsamlet og sendt til genanvendelse sportssko, tennis- og padelbolde, d\u00e6k og cykelslanger, hjul til l\u00f8behjul, sportst\u00f8j og meget mere.<\/h2>\n<p><a href=\"https:\/\/www.esorecycling.it\/da\/produkter-og-tjenester-baeredygtige\/\"><strong>G\u00e5 til esosport produkter og tjenester<\/strong><\/a><\/p>\n<\/p>\n                        <\/div>\n                    <\/article>\n\n            \n                    <article class=\"shadow-lg\">\n                                                    <img decoding=\"async\" class=\"w-full reveal border-b-4 border-primary\" src=\"https:\/\/www.esorecycling.it\/wp-content\/uploads\/2026\/03\/Inn-EF-1.png\" alt=\"\" title=\"\">\n                                                <div class=\"p-4 flex flex-col gap-2\">\n                            <h3 class=\"font-bold reveal\">esofashion<\/h3>\n                            <p class=\"text-sm reveal\"><p>Fra produktionsrester til ubrugte tekstiler, fra kasserede stoffer til gamle kollektioner og usolgte produkter er vores m\u00e5l at reducere m\u00e6ngden af tekstilaffald, som i dag er en af de hurtigst voksende affaldstyper i EU og et globalt problem.<\/p>\n<p><a href=\"https:\/\/www.esorecycling.it\/da\/esofashion-genbrug-mode\/\"><strong>G\u00e5 til esofashion produkter og tjenester<\/strong><\/a><\/p>\n<\/p>\n                        <\/div>\n                    <\/article>\n\n            \n                    <article class=\"shadow-lg\">\n                                                    <img decoding=\"async\" class=\"w-full reveal border-b-4 border-primary\" src=\"https:\/\/www.esorecycling.it\/wp-content\/uploads\/2026\/03\/Imm-BtW.png\" alt=\"\" title=\"\">\n                                                <div class=\"p-4 flex flex-col gap-2\">\n                            <h3 class=\"font-bold reveal\">back to work<\/h3>\n                            <p class=\"text-sm reveal\"><p>PPE, dvs. personlige v\u00e6rnemidler s\u00e5som arbejdst\u00f8j, handsker, beskyttelseshjelme og sikkerhedssko, indsamles gennem projektet Back to Work\u00ae, i overensstemmelse med direktiv 2008\/98\/EF og lovdekret 152\/2006.<\/p>\n<p><a href=\"https:\/\/www.esorecycling.it\/da\/backtowork-genbrug-af-personlige-beskyttelsesudstyr-ppe\/\"><strong>G\u00e5 til Back to Work produkter og tjenester<\/strong><\/a><\/p>\n<\/p>\n                        <\/div>\n                    <\/article>\n\n                    <\/div>\n\n        \n    <\/div>\n\n<\/section>\n\n\n\n<section id=\"block_c5f958239618dc17a57a021dca5a0612\" class=\"acf-block acf-block-occhiello-titolo-testo\">\n    <div class=\"container py-8\">\n        <div class=\"flex flex-col gap-4 text-center\">\n            <hgroup class=\"flex flex-col gap-1\">\n                <h2 class=\"uppercase font-medium\">Fra affald til ressource<\/h2>\n                <h2 class=\"text-lg lg:text-xl\">Siden 2009 har missionen for ESO RECYCLING<\/h1>\n            <\/hgroup>\n            <hr class=\"divider mx-auto\" \/>\n            <div class=\"\"><h3>ESO RECYCLING er engageret i at genintroducere alle de materialer, der ellers ville blive affald, men som faktisk kan f\u00e5 et nyt liv i form af nye produkter. ESO RECYCLING&#8217;s m\u00e5l er at minimere milj\u00f8p\u00e5virkningen og lede materialer v\u00e6k fra deponering til en virtuel proces, der er:<\/h3>\n<\/div>\n        <\/div>\n    <\/div>\n<\/section>\n\n\n\n<section id=\"block_fd2e1d2c4109400bd361a12677d3e541\" class=\"acf-block acf-block-schede-verticali\">\n\n    <div class=\"container pb-8\">\n        <div class=\"grid lg:grid-cols-3 gap-8\">\n\n            \n                    <article class=\"shadow-lg\">\n                                                    <img decoding=\"async\" class=\"w-full reveal border-b-4 border-primary\" src=\"https:\/\/www.esorecycling.it\/wp-content\/uploads\/2022\/10\/shutterstock_1728412366-scaled-e1757589092840.jpg\" alt=\"\" title=\"\">\n                                                <div class=\"p-4 flex flex-col gap-2\">\n                            <h3 class=\"font-bold reveal\">\u00e6gte cirkul\u00e6r<\/h3>\n                            <p class=\"text-sm reveal\"><\/p>\n                        <\/div>\n                    <\/article>\n\n            \n                    <article class=\"shadow-lg\">\n                                                    <img decoding=\"async\" class=\"w-full reveal border-b-4 border-primary\" src=\"https:\/\/www.esorecycling.it\/wp-content\/uploads\/2022\/10\/shutterstock_1883380231-scaled-e1757589158612.jpg\" alt=\"\" title=\"\">\n                                                <div class=\"p-4 flex flex-col gap-2\">\n                            <h3 class=\"font-bold reveal\">B\u00e6redygtig som ingen anden<\/h3>\n                            <p class=\"text-sm reveal\"><\/p>\n                        <\/div>\n                    <\/article>\n\n            \n                    <article class=\"shadow-lg\">\n                                                    <img decoding=\"async\" class=\"w-full reveal border-b-4 border-primary\" src=\"https:\/\/www.esorecycling.it\/wp-content\/uploads\/2022\/10\/shutterstock_2131349647-scaled-e1757589138250.jpg\" alt=\"\" title=\"\">\n                                                <div class=\"p-4 flex flex-col gap-2\">\n                            <h3 class=\"font-bold reveal\">Social og kollektiv<\/h3>\n                            <p class=\"text-sm reveal\"><\/p>\n                        <\/div>\n                    <\/article>\n\n                    <\/div>\n\n                    <div class=\"text-center\">\n                <a class=\"button my-8 reveal\" href=\"https:\/\/www.esorecycling.it\/da\/eso-recycling-hvem-er-vi-cirkulaer-okonomi\/\" target=\"\">\n                    Find ud af mere                <\/a>\n            <\/div>\n        \n    <\/div>\n\n<\/section>\n\n\n\n<section id=\"block_1ea9339bad899b4979bf3da5d0f43da3\" class=\"acf-block acf-block-scheda-con-immagine\">\n\n    \n    <div class=\"bg-center bg-cover bg-no-repeat\" style=\"background-image: url('https:\/\/www.esorecycling.it\/wp-content\/uploads\/2022\/10\/shutterstock_1252474999-scaled.jpg')\">\n        <div class=\"lg:flex\">\n                            <div class=\"flex-1 flex items-center bg-secondary-light bg-opacity-75 px-4 py-8 lg:py-16\">\n                    <div class=\"p-4 flex flex-col gap-4 items-start\">\n                        <hgroup>\n                            <h3 class=\"uppercase text-sm reveal\">Produkter og tjenester<\/h3>\n                            <h2 class=\"text-lg lgtext-xl reveal\">DEN F\u00d8RSTE i Europa<\/h2>\n                        <\/hgroup>\n                        <hr class=\"divider ml-0 reveal\" \/>\n                        <p class=\"reveal\"><p>Med esosport\u00ae m\u00e6rket og back to work\u00ae-tjenesten fra ESO Societ\u00e0 Benefit, var vi de f\u00f8rste i Europa til at h\u00e5ndtere omdannelsen af sportsko, tennis- og padelboller, cykeld\u00e6k og -slanger samt PPE (personligt beskyttelsesudstyr: arbejdst\u00f8j, handsker, beskyttelseshjelme, sikkerhedssko) til sekund\u00e6re r\u00e5materialer.<\/p>\n<\/p>\n                                                    <a class=\"button reveal\" href=\"https:\/\/www.esorecycling.it\/da\/produkter-og-tjenester-baeredygtige\/\" target=\"\">\n                                L\u00e6s mere                            <\/a>\n                                            <\/div>\n                <\/div>\n                <div class=\"flex-1 p-8 lg:py-32 lg:px-16\">\n                                            <img decoding=\"async\" class=\"w-full\" src=\"https:\/\/www.esorecycling.it\/wp-content\/uploads\/2022\/11\/box-giallo-prodotti-servizi_en.png\" alt=\"\" title=\"\">\n                                    <\/div>\n                    <\/div>\n    <\/div>\n\n<\/section>\n\n\n\n<section id=\"block_354c696620a248786c854090af111dd4\" class=\"acf-block acf-block-occhiello-titolo-testo\">\n    <div class=\"container py-8\">\n        <div class=\"flex flex-col gap-4 text-center\">\n            <hgroup class=\"flex flex-col gap-1\">\n                <h2 class=\"uppercase font-medium\">Konteksten<\/h2>\n                <h2 class=\"text-lg lg:text-xl\">Vi g\u00e5r den rette vej<\/h1>\n            <\/hgroup>\n            <hr class=\"divider mx-auto\" \/>\n            <div class=\"\"><\/div>\n        <\/div>\n    <\/div>\n<\/section>\n\n\n\n<section id=\"block_e758a4eabe9d2c07fe97ca86f2ca07d4\" class=\"acf-block acf-block-scheda-statistica\">\n\n    <div class=\"container py-8\">\n        <div class=\"grid lg:grid-cols-4 gap-16\">\n            <div class=\"lg:col-span-3\">\n                <div class=\"relative\">\n                                                                <img decoding=\"async\" class=\"w-full reveal\" src=\"https:\/\/www.esorecycling.it\/wp-content\/uploads\/2022\/11\/home_chiudono-cerchi.png\" alt=\"From Sport to Sustainability | Recycle Tires, Gloves &amp; Tennis Balls\" title=\"\">\n                    \n                                            <div class=\"lg:absolute lg:top-1\/2 lg:max-w-[650px] w-full lg:transform lg:-translate-x-1\/4 lg:-translate-y-1\/2 bg-gradient-to-r from-primary via-primary to-[#fae8000a] p-4 flex flex-col gap-4 mt-4 lg:mt-0\">\n                                                            <div class=\"flex items-center gap-4\">\n                                                                                                                <img decoding=\"async\" src=\"https:\/\/www.esorecycling.it\/wp-content\/uploads\/2022\/11\/circle-01.png\" class=\"max-w-full w-[200px] reveal\" alt=\"24 Billion Shoes Produced Annually | Global Footwear Impact\" title=\"\">\n                                                                        <div class=\"flex flex-col gap-1\">\n                                        <div class=\"text-xl\">\n                                            <span class=\"reveal\"><\/span>\n                                            <span class=\"reveal\">24<\/span>\n                                            <span class=\"reveal\">mld<\/span>\n                                        <\/div>\n                                        <div class=\"max-w-[200px]\">\n                                            <hr class=\"h-1 bg-secondary w-12 border-0 mb-2 reveal\">\n                                            <p class=\"text-sm font-semibold reveal\">Fodt\u00f8j produceret verden over hvert \u00e5r<\/p>\n                                        <\/div>\n                                    <\/div>\n                                <\/div>\n                                                            <div class=\"flex items-center gap-4\">\n                                                                                                                <img decoding=\"async\" src=\"https:\/\/www.esorecycling.it\/wp-content\/uploads\/2022\/11\/circle-02.png\" class=\"max-w-full w-[200px] reveal\" alt=\"24 Billion Shoes Produced Annually | Global Footwear Impact\" title=\"\">\n                                                                        <div class=\"flex flex-col gap-1\">\n                                        <div class=\"text-xl\">\n                                            <span class=\"reveal\"><\/span>\n                                            <span class=\"reveal\">90<\/span>\n                                            <span class=\"reveal\">%<\/span>\n                                        <\/div>\n                                        <div class=\"max-w-[200px]\">\n                                            <hr class=\"h-1 bg-secondary w-12 border-0 mb-2 reveal\">\n                                            <p class=\"text-sm font-semibold reveal\">Bestemt til forbr\u00e6ndingsanl\u00e6g og deponier<\/p>\n                                        <\/div>\n                                    <\/div>\n                                <\/div>\n                                                            <div class=\"flex items-center gap-4\">\n                                                                                                                <img decoding=\"async\" src=\"https:\/\/www.esorecycling.it\/wp-content\/uploads\/2022\/11\/circle-03.png\" class=\"max-w-full w-[200px] reveal\" alt=\"24 Billion Shoes Produced Annually | Global Footwear Impact\" title=\"\">\n                                                                        <div class=\"flex flex-col gap-1\">\n                                        <div class=\"text-xl\">\n                                            <span class=\"reveal\">+<\/span>\n                                            <span class=\"reveal\">20<\/span>\n                                            <span class=\"reveal\">%<\/span>\n                                        <\/div>\n                                        <div class=\"max-w-[200px]\">\n                                            <hr class=\"h-1 bg-secondary w-12 border-0 mb-2 reveal\">\n                                            <p class=\"text-sm font-semibold reveal\">\u00c5rlig v\u00e6kst i sportsko<\/p>\n                                        <\/div>\n                                    <\/div>\n                                <\/div>\n                                                    <\/div>\n                                    <\/div>\n            <\/div>\n            <div class=\"flex flex-col gap-8 items-start\">\n                <p class=\"reveal\"><p data-start=\"64\" data-end=\"391\">B\u00e6redygtighed og reduktion af forbruget af ikke-vedvarende ressourcer er blandt de mest presserende globale problemer. Vi lever i en historisk periode pr\u00e6get af et st\u00e6rkt menneskeligt aftryk p\u00e5 milj\u00f8et. Udnyttelsen af naturressourcer p\u00e5virker i stigende grad planetens skr\u00f8belige balance. Vi skal vende denne kurs.<\/p>\n<p data-start=\"64\" data-end=\"391\">Ansvar for at handle ligger hos alle, fra enkeltpersoner til virksomheder. Og vi er her, klar til at g\u00f8re vores bidrag!<\/p>\n<\/p>\n                            <\/div>\n        <\/div>\n    <\/div>\n\n<\/section>\n\n\n\n<section id=\"block_7440a52f2342d326cd3fc9d66b89ce6e\" class=\"acf-block acf-block-occhiello-titolo-testo\">\n    <div class=\"container py-8\">\n        <div class=\"flex flex-col gap-4 text-center\">\n            <hgroup class=\"flex flex-col gap-1\">\n                <h2 class=\"uppercase font-medium\">Kunder<\/h2>\n                <h2 class=\"text-lg lg:text-xl\">Den Cirkul\u00e6re \u00d8konomi bygges sammen<\/h1>\n            <\/hgroup>\n            <hr class=\"divider mx-auto\" \/>\n            <div class=\"\"><\/div>\n        <\/div>\n    <\/div>\n<\/section>\n\n\n\n<section id=\"block_88fb398d3602fa14dddfa3ea4b4a765e\" class=\"acf-block acf-block-clienti\">\n\n\n    \n        <div class=\"bg-secondary-light py-16 px-8 lg:px-0\" x-data=\"{\n            init() {\n                new Splide(this.$refs.splide, {\n                    perPage: 1,\n                    type: 'loop',\n                }).mount()\n            },\n        }\">\n\n            <div x-ref=\"splide\" class=\"splide\">\n                <div class=\"splide__track\">\n                    <ul class=\"splide__list\">\n\n                        \n                            <li class=\"splide__slide\">\n                                <div class=\"flex flex-col gap-4 text-center\">\n                                                                            <img decoding=\"async\" src=\"https:\/\/www.esorecycling.it\/wp-content\/uploads\/2022\/11\/Amazon-logo.png\" class=\"mx-auto max-w-[150px]\" alt=\"\" title=\"\">\n                                                                        <div class=\"container\">\n                                        <div><p data-start=\"40\" data-end=\"345\">\u201cEfter en lang s\u00f8gning fandt vi partnere som Logistica Ambientale og ESO, som allerede udf\u00f8rte en genbrugsproces for l\u00f8besko, og vi foreslog at g\u00f8re det samme for sikkerhedssko. Det er et teamwork, og jeg er stolt af at vide, at vi p\u00e5 vores egen lille m\u00e5de har hjulpet milj\u00f8et.\u201d<\/p>\n<p data-start=\"347\" data-end=\"424\" data-is-last-node=\"\" data-is-only-node=\"\"><em data-start=\"347\" data-end=\"424\" data-is-last-node=\"\">Maxim Bulgac \u2013 Health &amp; Safety Manager, Amazon Logistics Center in Vercelli<\/em><\/p>\n<p>&nbsp;<\/p>\n<p>&nbsp;<\/p>\n<p><strong><a href=\"https:\/\/www.youtube.com\/watch?v=Kj14fSCzJro\" target=\"_blank\" rel=\"noopener\">L\u00e6s mere<\/a><\/strong><\/p>\n<\/div>\n                                    <\/div>\n                                <\/div>\n                            <\/li>\n\n                        \n                            <li class=\"splide__slide\">\n                                <div class=\"flex flex-col gap-4 text-center\">\n                                                                            <img decoding=\"async\" src=\"https:\/\/www.esorecycling.it\/wp-content\/uploads\/2022\/10\/DHL-LOGO.jpg\" class=\"mx-auto max-w-[150px]\" alt=\"\" title=\"\">\n                                                                        <div class=\"container\">\n                                        <div><p>\u201cInden for vores Malpensa Hub har vi startet et nyt opcyklingsprojekt med ESO, der g\u00f8r det muligt for os at transformere vores ubrugte personlige beskyttelsesudstyr til nye materialer og objekter. Om f\u00e5 m\u00e5neder vil vi sammen opdage, hvad vi har form\u00e5et at skabe!\u201d<\/p>\n<p>&nbsp;<\/p>\n<p><a href=\"https:\/\/www.facebook.com\/DHLExpressItaly\/videos\/1057330945139529\" target=\"_blank\" rel=\"noopener\"><strong>L\u00e6s mere<\/strong><\/a><\/p>\n<\/div>\n                                    <\/div>\n                                <\/div>\n                            <\/li>\n\n                        \n                            <li class=\"splide__slide\">\n                                <div class=\"flex flex-col gap-4 text-center\">\n                                                                            <img decoding=\"async\" src=\"https:\/\/www.esorecycling.it\/wp-content\/uploads\/2022\/11\/e-distribuzione-logo.jpg\" class=\"mx-auto max-w-[150px]\" alt=\"\" title=\"\">\n                                                                        <div class=\"container\">\n                                        <div><p data-start=\"40\" data-end=\"387\">\u201cFor os er denne initiativ et virtu\u00f8st eksempel p\u00e5 b\u00e6redygtighed og cirkul\u00e6r \u00f8konomi, som kan replikeres i stor skala: genvinding af materialer og deres genbrug er en del af vores st\u00e6rke filosofi, fordi milj\u00f8et er en skat, der skal bevares, og affald kan omdannes fra kasseret materiale til en ressource, hvilket minimerer den milj\u00f8m\u00e6ssige p\u00e5virkning.\u201d<\/p>\n<p data-start=\"389\" data-end=\"464\" data-is-last-node=\"\" data-is-only-node=\"\"><em data-start=\"389\" data-end=\"464\" data-is-last-node=\"\">Luca Morabito, Projektleder og Milj\u00f8chef hos E-Distribuzione<\/em><\/p>\n<p>&nbsp;<\/p>\n<p>&nbsp;<\/p>\n<p><strong><a href=\"https:\/\/www.facebook.com\/edistribuzione\/posts\/pfbid0gqPCJ9Q3d7VjFByccZkEEXhyt8FbCLPSCZThiwNXZihxKeDPtPCKbYMHqEnrqV2Yl\" target=\"_blank\" rel=\"noopener\">L\u00e6s mere<\/a><\/strong><\/p>\n<\/div>\n                                    <\/div>\n                                <\/div>\n                            <\/li>\n\n                        \n                            <li class=\"splide__slide\">\n                                <div class=\"flex flex-col gap-4 text-center\">\n                                                                            <img decoding=\"async\" src=\"https:\/\/www.esorecycling.it\/wp-content\/uploads\/2022\/11\/Horizontal_black-01.png\" class=\"mx-auto max-w-[150px]\" alt=\"\" title=\"\">\n                                                                        <div class=\"container\">\n                                        <div><p data-start=\"40\" data-end=\"233\">\u201cVi skal arbejde h\u00e5rdt for at skabe \u00e6gte cirkularitet i cykelindustrien. Med Vittoria Re-Cycling-programmet tager vi et vigtigt f\u00f8rste skridt. Vi lover, at mange flere vil f\u00f8lge!\u201d<\/p>\n<p data-start=\"235\" data-end=\"282\" data-is-last-node=\"\" data-is-only-node=\"\"><em data-start=\"235\" data-end=\"282\" data-is-last-node=\"\">Stijn Vriends, Vittoria Group President &amp; CEO<\/em><\/p>\n<p>&nbsp;<\/p>\n<p>&nbsp;<\/p>\n<p><strong><a href=\"https:\/\/www.vittoria.com\/it\/it\/storie\/corporate\/programma-vittoria-recycling\" target=\"_blank\" rel=\"noopener\">L\u00e6s mere<\/a><\/strong><\/p>\n<\/div>\n                                    <\/div>\n                                <\/div>\n                            <\/li>\n\n                        \n                    <\/ul>\n                <\/div>\n            <\/div>\n\n        <\/div>\n\n    \n<\/section>\n\n\n\n<section id=\"block_3a5e55fcce2f183b69ee106f76c2b596\" class=\"acf-block acf-block-occhiello-titolo-testo\">\n    <div class=\"container py-8\">\n        <div class=\"flex flex-col gap-4 text-center\">\n            <hgroup class=\"flex flex-col gap-1\">\n                <h2 class=\"uppercase font-medium\">Vores m\u00e6rker<\/h2>\n                <h2 class=\"text-lg lg:text-xl\">Affaldets lykkelige slutning<\/h1>\n            <\/hgroup>\n            <hr class=\"divider mx-auto\" \/>\n            <div class=\"\"><p><strong>Egne m\u00e6rker<\/strong> af ESO RECYCLING<\/p>\n<\/div>\n        <\/div>\n    <\/div>\n<\/section>\n\n\n\n<section id=\"block_3647970b880d9dbad3ebc03511aee8a3\" class=\"acf-block acf-block-partners\">\n\n\n    \n        <div class=\"container pb-16 px-8 lg:px-0\" x-data=\"{\n            init() {\n                new Splide(this.$refs.splide, {\n                    perPage: 4,\n                    pagination: 0,\n                    gap: 0,\n                    breakpoints: {\n                        640: {\n                            perPage: 1,\n                        },\n                    },\n                }).mount()\n            },\n        }\">\n\n            <div x-ref=\"splide\" class=\"splide\">\n                <div class=\"splide__track\">\n                    <ul class=\"splide__list items-stretch\">\n\n                                                    \n\n                            <li class=\"splide__slide flex items-stretch\">\n                                                                    <a href=\"http:\/\/eso.it\" target=\"_self\" class=\"w-full shadow-lg p-4 flex flex-col gap-4 justify-between items-start mx-2 my-4\" rel=\"noopener\">\n                                                                                    <img decoding=\"async\" src=\"https:\/\/www.esorecycling.it\/wp-content\/uploads\/2026\/02\/logo-eso-25-1-scaled.png\" title=\" \" class=\"max-w-[200px] self-center\" alt=\"eso logo\">\n                                                                                                                    <\/a>\n                                                            <\/li>\n\n                                                    \n\n                            <li class=\"splide__slide flex items-stretch\">\n                                                                    <a href=\"http:\/\/backtowork.eso.it\" target=\"_self\" class=\"w-full shadow-lg p-4 flex flex-col gap-4 justify-between items-start mx-2 my-4\" rel=\"noopener\">\n                                                                                    <img decoding=\"async\" src=\"https:\/\/www.esorecycling.it\/wp-content\/uploads\/2025\/07\/back-to-work-800x800-1.png\" title=\" \" class=\"max-w-[200px] self-center\" alt=\"\">\n                                                                                                                    <\/a>\n                                                            <\/li>\n\n                                                    \n\n                            <li class=\"splide__slide flex items-stretch\">\n                                                                    <a href=\"http:\/\/esosport.com\" target=\"_self\" class=\"w-full shadow-lg p-4 flex flex-col gap-4 justify-between items-start mx-2 my-4\" rel=\"noopener\">\n                                                                                    <img decoding=\"async\" src=\"https:\/\/www.esorecycling.it\/wp-content\/uploads\/2025\/07\/esosport-800x800-1.png\" title=\" \" class=\"max-w-[200px] self-center\" alt=\"\">\n                                                                                                                    <\/a>\n                                                            <\/li>\n\n                                                    \n\n                            <li class=\"splide__slide flex items-stretch\">\n                                                                    <a href=\"http:\/\/esoweb.it\" target=\"_self\" class=\"w-full shadow-lg p-4 flex flex-col gap-4 justify-between items-start mx-2 my-4\" rel=\"noopener\">\n                                                                                    <img decoding=\"async\" src=\"https:\/\/www.esorecycling.it\/wp-content\/uploads\/2026\/02\/esoweb_logo_top2-1.png\" title=\" \" class=\"max-w-[200px] self-center\" alt=\"esoweb logo\">\n                                                                                                                    <\/a>\n                                                            <\/li>\n\n                                                    \n\n                            <li class=\"splide__slide flex items-stretch\">\n                                                                    <a href=\"http:\/\/shop.esoweb.it\" target=\"_self\" class=\"w-full shadow-lg p-4 flex flex-col gap-4 justify-between items-start mx-2 my-4\" rel=\"noopener\">\n                                                                                    <img decoding=\"async\" src=\"https:\/\/www.esorecycling.it\/wp-content\/uploads\/2025\/11\/thumbnail_ESOSHOP-logo-1.png\" title=\" \" class=\"max-w-[200px] self-center\" alt=\"Logo di ESO Shop colorato e moderno - prodotti\">\n                                                                                                                    <\/a>\n                                                            <\/li>\n\n                                                    \n\n                            <li class=\"splide__slide flex items-stretch\">\n                                                                    <a href=\"https:\/\/www.esosport.it\/da\/il-giardino-di-betty-et-esosport-projekt\/\" target=\"_self\" class=\"w-full shadow-lg p-4 flex flex-col gap-4 justify-between items-start mx-2 my-4\" rel=\"noopener\">\n                                                                                    <img decoding=\"async\" src=\"https:\/\/www.esorecycling.it\/wp-content\/uploads\/2025\/07\/il-giardino-di-betty-800x800-1.png\" title=\" \" class=\"max-w-[200px] self-center\" alt=\"\">\n                                                                                                                    <\/a>\n                                                            <\/li>\n\n                                                    \n\n                            <li class=\"splide__slide flex items-stretch\">\n                                                                    <a href=\"https:\/\/www.esosport.it\/da\/filippides-bane\/\" target=\"_self\" class=\"w-full shadow-lg p-4 flex flex-col gap-4 justify-between items-start mx-2 my-4\" rel=\"noopener\">\n                                                                                    <img decoding=\"async\" src=\"https:\/\/www.esorecycling.it\/wp-content\/uploads\/2025\/07\/la-pista-di-filippide-800x800-1.png\" title=\" \" class=\"max-w-[200px] self-center\" alt=\"\">\n                                                                                                                    <\/a>\n                                                            <\/li>\n\n                                                    \n\n                            <li class=\"splide__slide flex items-stretch\">\n                                                                    <a href=\"https:\/\/shop.esoweb.it\/categoria-prodotto\/medal-book\/\" target=\"_self\" class=\"w-full shadow-lg p-4 flex flex-col gap-4 justify-between items-start mx-2 my-4\" rel=\"noopener\">\n                                                                                    <img decoding=\"async\" src=\"https:\/\/www.esorecycling.it\/wp-content\/uploads\/2025\/07\/mb-800x800-2.png\" title=\" \" class=\"max-w-[200px] self-center\" alt=\"\">\n                                                                                                                    <\/a>\n                                                            <\/li>\n\n                                                    \n\n                            <li class=\"splide__slide flex items-stretch\">\n                                                                    <a href=\"https:\/\/shop.esoweb.it\/categoria-prodotto\/medal-in-frame\/\" target=\"_self\" class=\"w-full shadow-lg p-4 flex flex-col gap-4 justify-between items-start mx-2 my-4\" rel=\"noopener\">\n                                                                                    <img decoding=\"async\" src=\"https:\/\/www.esorecycling.it\/wp-content\/uploads\/2025\/07\/mif-800x800-2.png\" title=\" \" class=\"max-w-[200px] self-center\" alt=\"\">\n                                                                                                                    <\/a>\n                                                            <\/li>\n\n                                                    \n\n                            <li class=\"splide__slide flex items-stretch\">\n                                                                    <a href=\"https:\/\/shop.esoweb.it\/categoria-prodotto\/medal-metal\/\" target=\"_self\" class=\"w-full shadow-lg p-4 flex flex-col gap-4 justify-between items-start mx-2 my-4\" rel=\"noopener\">\n                                                                                    <img decoding=\"async\" src=\"https:\/\/www.esorecycling.it\/wp-content\/uploads\/2025\/07\/mm-800x800-2.png\" title=\" \" class=\"max-w-[200px] self-center\" alt=\"\">\n                                                                                                                    <\/a>\n                                                            <\/li>\n\n                                                    \n\n                            <li class=\"splide__slide flex items-stretch\">\n                                                                    <a href=\"https:\/\/shop.esoweb.it\/categoria-prodotto\/medaglie\/\" target=\"_self\" class=\"w-full shadow-lg p-4 flex flex-col gap-4 justify-between items-start mx-2 my-4\" rel=\"noopener\">\n                                                                                    <img decoding=\"async\" src=\"https:\/\/www.esorecycling.it\/wp-content\/uploads\/2025\/07\/re-medal-800x800-2.png\" title=\" \" class=\"max-w-[200px] self-center\" alt=\"\">\n                                                                                                                    <\/a>\n                                                            <\/li>\n\n                        \n                    <\/ul>\n                <\/div>\n            <\/div>\n\n        <\/div>\n\n    \n<\/section>\n","protected":false},"excerpt":{"rendered":"","protected":false},"author":1,"featured_media":0,"parent":0,"menu_order":1,"comment_status":"closed","ping_status":"closed","template":"","meta":{"footnotes":""},"class_list":["post-5781","page","type-page","status-publish","hentry"],"acf":[],"_links":{"self":[{"href":"https:\/\/www.esorecycling.it\/da\/wp-json\/wp\/v2\/pages\/5781","targetHints":{"allow":["GET"]}}],"collection":[{"href":"https:\/\/www.esorecycling.it\/da\/wp-json\/wp\/v2\/pages"}],"about":[{"href":"https:\/\/www.esorecycling.it\/da\/wp-json\/wp\/v2\/types\/page"}],"author":[{"embeddable":true,"href":"https:\/\/www.esorecycling.it\/da\/wp-json\/wp\/v2\/users\/1"}],"replies":[{"embeddable":true,"href":"https:\/\/www.esorecycling.it\/da\/wp-json\/wp\/v2\/comments?post=5781"}],"version-history":[{"count":53,"href":"https:\/\/www.esorecycling.it\/da\/wp-json\/wp\/v2\/pages\/5781\/revisions"}],"predecessor-version":[{"id":12307,"href":"https:\/\/www.esorecycling.it\/da\/wp-json\/wp\/v2\/pages\/5781\/revisions\/12307"}],"wp:attachment":[{"href":"https:\/\/www.esorecycling.it\/da\/wp-json\/wp\/v2\/media?parent=5781"}],"curies":[{"name":"wp","href":"https:\/\/api.w.org\/{rel}","templated":true}]}}